{"id":25,"date":"2017-02-28T21:20:17","date_gmt":"2017-02-28T20:20:17","guid":{"rendered":"http:\/\/www.schulte-martini.de\/?page_id=25"},"modified":"2026-04-05T19:16:20","modified_gmt":"2026-04-05T17:16:20","slug":"kontakt","status":"publish","type":"page","link":"https:\/\/www.schulte-martini.de\/?page_id=25","title":{"rendered":"Kontakt"},"content":{"rendered":"<h2>Kontaktdaten<\/h2>\n<p align=\"center\">Psychotherapeutische Praxis<br \/>\nStefanie Schulte-Martini<br \/>\n<i class=\"fas fa-envelope\"><\/i>\u00a0Welle 36, 33602 Bielefeld<br \/>\n<i class=\"fas fa-phone\"><\/i>\u00a0(05 21) 92 01 12 90<br \/>\n<i class=\"fas fa-fax\"><\/i>\u00a0(05 21) 92 63 16 40<br \/>\n<i class=\"fas fa-at\"><\/i>\u00a0<a href=\"mailto:info@schulte-martini.de\">info@schulte-martini.de<\/a><br \/>\n<i class=\"fas fa-globe\"><\/i>\u00a0<a href=\"https:\/\/www.schulte-martini.de\">www.schulte-martini.de<\/a><\/p>\n<h2>Termine &amp; Fragen<\/h2>\n<ul class=\"fa-ul\">\n<li><i class=\"fas fa-chevron-right fa-sm\"><\/i>Rufen Sie mich bitte mittwochs von 14:00 bis 15:40 Uhr in meiner telefonischen Sprechstunde unter der oben genannten Telefonnummer an, um Kontakt mit mir aufzunehmen, einen Termin zu vereinbaren oder Fragen zu kl\u00e4ren.<\/li>\n<li><i class=\"fas fa-chevron-right fa-sm\"><\/i>Wenn Sie au\u00dferhalb dieser Zeiten anrufen, hinterlassen Sie bitte eine Nachricht auf dem Anrufbeantworter. Ich werde Sie zeitnah zur\u00fcckrufen. Bitte haben Sie Verst\u00e4ndnis, dass ich w\u00e4hrend laufender Therapiesitzungen nicht ans Telefon gehe.<\/li>\n<\/ul>\n<h2>Anreise<\/h2>\n<ul class=\"fa-ul\">\n<li><i class=\"fas fa-chevron-right fa-sm\"><\/i><iframe loading=\"lazy\" style=\"border: 0;\" src=\"https:\/\/www.google.com\/maps\/embed?pb=!1m18!1m12!1m3!1d2455.3127478210195!2d8.527047950823954!3d52.01939998086038!2m3!1f0!2f0!3f0!3m2!1i1024!2i768!4f13.1!3m3!1m2!1s0x47ba3d1a2027bf4f%3A0x1cc3c51e494324b6!2sWelle%2036%2C%2033602%20Bielefeld!5e0!3m2!1sde!2sde!4v1627337177835!5m2!1sde!2sde\" width=\"600\" height=\"450\" allowfullscreen=\"allowfullscreen\"><\/iframe><\/li>\n<li><i class=\"fas fa-chevron-right fa-sm\"><\/i>Die <strong>Praxis<\/strong> befindet sich am Bunnemannplatz in der Bielefelder Altstadt zwischen dem Alten Markt und der Kunsthalle. Im Geb\u00e4ude bringt Sie ein Fahrstuhl zu mir ins erste Obergeschoss.<\/li>\n<li><i class=\"fas fa-chevron-right fa-sm\"><\/i>F\u00fcr die Anreise mit dem <strong>Auto<\/strong> bieten sich folgende Parkm\u00f6glichkeiten an:\n<ul class=\"fa-ul\" style=\"margin-top: 0em;\">\n<li><i class=\"fas fa-chevron-right fa-sm\"><\/i>Parkplatz Welle, Welle, 30 Meter zu Fu\u00df<\/li>\n<li><i class=\"fas fa-chevron-right fa-sm\"><\/i>CONTI PARK Altstadt-Carr\u00e9, Waldhof 19, 80 Meter zu Fu\u00df<\/li>\n<li><i class=\"fas fa-chevron-right fa-sm\"><\/i>Parkhaus Wellehaus, Am Bach 20, 170 Meter zu Fu\u00df<\/li>\n<li><i class=\"fas fa-chevron-right fa-sm\"><\/i>Parkplatz Kindermannstra\u00dfe, Kindermannstra\u00dfe, 220 Meter zu Fu\u00df<\/li>\n<li><i class=\"fas fa-chevron-right fa-sm\"><\/i>Parkhaus Ritterstra\u00dfe, Ritterstra\u00dfe 5, 400 Meter zu Fu\u00df<\/li>\n<li><i class=\"fas fa-chevron-right fa-sm\"><\/i>Parkhaus Am Jahnplatz-Renteistra\u00dfe, Renteistra\u00dfe, 550 Meter zu Fu\u00df<\/li>\n<li><i class=\"fas fa-chevron-right fa-sm\"><\/i>Q-Park Karstadt, Elsa-Br\u00e4ndstr\u00f6m-Stra\u00dfe\u00a06\u20138, 600 Meter zu Fu\u00df<\/li>\n<li><i class=\"fas fa-chevron-right fa-sm\"><\/i>Parkhaus Am Theater, Brunnenstra\u00dfe 4, 650 Meter zu Fu\u00df<\/li>\n<li><i class=\"fas fa-chevron-right fa-sm\"><\/i>Parkhaus Zwinger, Am Zwinger 14, 700 Meter zu Fu\u00df<\/li>\n<\/ul>\n<\/li>\n<li><i class=\"fas fa-chevron-right fa-sm\"><\/i>Passende <strong>Z\u00fcge<\/strong> (<a href=\"http:\/\/www.bahn.de\/\" target=\"_blank\" rel=\"noopener\">Bahn<\/a>) halten am Hauptbahnhof. Von dort k\u00f6nnen Sie ein oder zwei Stationen mit einer der Stadtbahnlinien (<a href=\"http:\/\/www.mobiel.de\/auskunft\/\" target=\"_blank\" rel=\"noopener\">moBiel<\/a>) Richtung Senne, Sieker, Stieghorst oder Rathaus bis zu den Haltestellen Jahnplatz oder besser Rathaus fahren. Von dort sind es dann noch 650 beziehungsweise 500 Meter zu Fu\u00df. Der Fu\u00dfweg ab Hauptbahnhof zu mir ist 1,4 Kilometer lang.<\/li>\n<li><i class=\"fas fa-chevron-right fa-sm\"><\/i>Im Stadtgebiet kommt man mit einem <strong>Leih-Fahrrad<\/strong> (<a href=\"https:\/\/www.mobiel.de\/sharing\/meinsiggi-fahrrad\/\" target=\"_blank\" rel=\"noopener\">meinSiggi<\/a>) oder einem <strong>Leih-E-Tretroller<\/strong> (<a href=\"https:\/\/www.mobiel.de\/sharing\/tier-e-tretroller\" target=\"_blank\" rel=\"noopener\">TIER<\/a>) gut voran. Sowohl das Fahrrad als auch den E-Tretroller k\u00f6nnen Sie gegen\u00fcber des Eingangs der Praxis abstellen.<\/li>\n<\/ul>\n","protected":false},"excerpt":{"rendered":"<p>Kontaktdaten Psychotherapeutische Praxis Stefanie Schulte-Martini \u00a0Welle 36, 33602 Bielefeld \u00a0(05 21) 92 01 12 90 \u00a0(05 21) 92 63 16 40 \u00a0info@schulte-martini.de \u00a0www.schulte-martini.de Termine &amp; Fragen Rufen Sie mich bitte mittwochs von 14:00 bis 15:40 Uhr in meiner telefonischen Sprechstunde unter der oben genannten Telefonnummer an, um Kontakt mit mir aufzunehmen, einen Termin zu vereinbaren &#8230; <a title=\"Kontakt\" class=\"read-more\" href=\"https:\/\/www.schulte-martini.de\/?page_id=25\">Weiterlesen &#8230;<\/a><\/p>\n","protected":false},"author":1,"featured_media":0,"parent":0,"menu_order":4,"comment_status":"closed","ping_status":"closed","template":"","meta":{"footnotes":""},"class_list":["post-25","page","type-page","status-publish"],"yoast_head":"<!-- This site is optimized with the Yoast SEO plugin v27.5 - https:\/\/yoast.com\/product\/yoast-seo-wordpress\/ -->\n<title>Kontakt | Stefanie Schulte-Martini - Psychotherapie &amp; Supervision - Bielefeld<\/title>\n<meta name=\"description\" content=\"Psychotherapeutische Praxis - Dipl.-Psych., Verhaltenstherapeutin, Supervisorin - Bielefeld-Innenstadt - (05 21) 92 01 12 90 - praxis@schulte-martini.de\" \/>\n<meta name=\"robots\" content=\"index, follow, max-snippet:-1, max-image-preview:large, max-video-preview:-1\" \/>\n<link rel=\"canonical\" href=\"https:\/\/www.schulte-martini.de\/?page_id=25\" \/>\n<meta property=\"og:locale\" content=\"de_DE\" \/>\n<meta property=\"og:type\" content=\"article\" \/>\n<meta property=\"og:title\" content=\"Kontakt | Stefanie Schulte-Martini - Psychotherapie &amp; Supervision - Bielefeld\" \/>\n<meta property=\"og:description\" content=\"Psychotherapeutische Praxis - Dipl.-Psych., Verhaltenstherapeutin, Supervisorin - Bielefeld-Innenstadt - (05 21) 92 01 12 90 - praxis@schulte-martini.de\" \/>\n<meta property=\"og:url\" content=\"https:\/\/www.schulte-martini.de\/?page_id=25\" \/>\n<meta property=\"og:site_name\" content=\"Stefanie Schulte-Martini\" \/>\n<meta property=\"article:modified_time\" content=\"2026-04-05T17:16:20+00:00\" \/>\n<meta name=\"twitter:card\" content=\"summary_large_image\" \/>\n<meta name=\"twitter:label1\" content=\"Gesch\u00e4tzte Lesezeit\" \/>\n\t<meta name=\"twitter:data1\" content=\"2\u00a0Minuten\" \/>\n<script type=\"application\/ld+json\" class=\"yoast-schema-graph\">{\"@context\":\"https:\\\/\\\/schema.org\",\"@graph\":[{\"@type\":\"WebPage\",\"@id\":\"https:\\\/\\\/www.schulte-martini.de\\\/?page_id=25\",\"url\":\"https:\\\/\\\/www.schulte-martini.de\\\/?page_id=25\",\"name\":\"Kontakt | Stefanie Schulte-Martini - Psychotherapie & Supervision - Bielefeld\",\"isPartOf\":{\"@id\":\"https:\\\/\\\/www.schulte-martini.de\\\/#website\"},\"datePublished\":\"2017-02-28T20:20:17+00:00\",\"dateModified\":\"2026-04-05T17:16:20+00:00\",\"description\":\"Psychotherapeutische Praxis - Dipl.-Psych., Verhaltenstherapeutin, Supervisorin - Bielefeld-Innenstadt - (05 21) 92 01 12 90 - praxis@schulte-martini.de\",\"breadcrumb\":{\"@id\":\"https:\\\/\\\/www.schulte-martini.de\\\/?page_id=25#breadcrumb\"},\"inLanguage\":\"de\",\"potentialAction\":[{\"@type\":\"ReadAction\",\"target\":[\"https:\\\/\\\/www.schulte-martini.de\\\/?page_id=25\"]}]},{\"@type\":\"BreadcrumbList\",\"@id\":\"https:\\\/\\\/www.schulte-martini.de\\\/?page_id=25#breadcrumb\",\"itemListElement\":[{\"@type\":\"ListItem\",\"position\":1,\"name\":\"Startseite\",\"item\":\"https:\\\/\\\/www.schulte-martini.de\\\/\"},{\"@type\":\"ListItem\",\"position\":2,\"name\":\"Kontakt\"}]},{\"@type\":\"WebSite\",\"@id\":\"https:\\\/\\\/www.schulte-martini.de\\\/#website\",\"url\":\"https:\\\/\\\/www.schulte-martini.de\\\/\",\"name\":\"Stefanie Schulte-Martini\",\"description\":\"Psychotherapie &amp; Supervision - Bielefeld\",\"publisher\":{\"@id\":\"https:\\\/\\\/www.schulte-martini.de\\\/#organization\"},\"potentialAction\":[{\"@type\":\"SearchAction\",\"target\":{\"@type\":\"EntryPoint\",\"urlTemplate\":\"https:\\\/\\\/www.schulte-martini.de\\\/?s={search_term_string}\"},\"query-input\":{\"@type\":\"PropertyValueSpecification\",\"valueRequired\":true,\"valueName\":\"search_term_string\"}}],\"inLanguage\":\"de\"},{\"@type\":\"Organization\",\"@id\":\"https:\\\/\\\/www.schulte-martini.de\\\/#organization\",\"name\":\"Psychotherapeutische Praxis & Supervision Dipl.-Psych. Stefanie Schulte-Martini\",\"url\":\"https:\\\/\\\/www.schulte-martini.de\\\/\",\"logo\":{\"@type\":\"ImageObject\",\"inLanguage\":\"de\",\"@id\":\"https:\\\/\\\/www.schulte-martini.de\\\/#\\\/schema\\\/logo\\\/image\\\/\",\"url\":\"https:\\\/\\\/www.schulte-martini.de\\\/wordpress\\\/wp-content\\\/uploads\\\/2022\\\/11\\\/SSM_1_square.jpg\",\"contentUrl\":\"https:\\\/\\\/www.schulte-martini.de\\\/wordpress\\\/wp-content\\\/uploads\\\/2022\\\/11\\\/SSM_1_square.jpg\",\"width\":1983,\"height\":1983,\"caption\":\"Psychotherapeutische Praxis & Supervision Dipl.-Psych. Stefanie Schulte-Martini\"},\"image\":{\"@id\":\"https:\\\/\\\/www.schulte-martini.de\\\/#\\\/schema\\\/logo\\\/image\\\/\"}}]}<\/script>\n<!-- \/ Yoast SEO plugin. -->","yoast_head_json":{"title":"Kontakt | Stefanie Schulte-Martini - Psychotherapie & Supervision - Bielefeld","description":"Psychotherapeutische Praxis - Dipl.-Psych., Verhaltenstherapeutin, Supervisorin - Bielefeld-Innenstadt - (05 21) 92 01 12 90 - praxis@schulte-martini.de","robots":{"index":"index","follow":"follow","max-snippet":"max-snippet:-1","max-image-preview":"max-image-preview:large","max-video-preview":"max-video-preview:-1"},"canonical":"https:\/\/www.schulte-martini.de\/?page_id=25","og_locale":"de_DE","og_type":"article","og_title":"Kontakt | Stefanie Schulte-Martini - Psychotherapie & Supervision - Bielefeld","og_description":"Psychotherapeutische Praxis - Dipl.-Psych., Verhaltenstherapeutin, Supervisorin - Bielefeld-Innenstadt - (05 21) 92 01 12 90 - praxis@schulte-martini.de","og_url":"https:\/\/www.schulte-martini.de\/?page_id=25","og_site_name":"Stefanie Schulte-Martini","article_modified_time":"2026-04-05T17:16:20+00:00","twitter_card":"summary_large_image","twitter_misc":{"Gesch\u00e4tzte Lesezeit":"2\u00a0Minuten"},"schema":{"@context":"https:\/\/schema.org","@graph":[{"@type":"WebPage","@id":"https:\/\/www.schulte-martini.de\/?page_id=25","url":"https:\/\/www.schulte-martini.de\/?page_id=25","name":"Kontakt | Stefanie Schulte-Martini - Psychotherapie & Supervision - Bielefeld","isPartOf":{"@id":"https:\/\/www.schulte-martini.de\/#website"},"datePublished":"2017-02-28T20:20:17+00:00","dateModified":"2026-04-05T17:16:20+00:00","description":"Psychotherapeutische Praxis - Dipl.-Psych., Verhaltenstherapeutin, Supervisorin - Bielefeld-Innenstadt - (05 21) 92 01 12 90 - praxis@schulte-martini.de","breadcrumb":{"@id":"https:\/\/www.schulte-martini.de\/?page_id=25#breadcrumb"},"inLanguage":"de","potentialAction":[{"@type":"ReadAction","target":["https:\/\/www.schulte-martini.de\/?page_id=25"]}]},{"@type":"BreadcrumbList","@id":"https:\/\/www.schulte-martini.de\/?page_id=25#breadcrumb","itemListElement":[{"@type":"ListItem","position":1,"name":"Startseite","item":"https:\/\/www.schulte-martini.de\/"},{"@type":"ListItem","position":2,"name":"Kontakt"}]},{"@type":"WebSite","@id":"https:\/\/www.schulte-martini.de\/#website","url":"https:\/\/www.schulte-martini.de\/","name":"Stefanie Schulte-Martini","description":"Psychotherapie &amp; Supervision - Bielefeld","publisher":{"@id":"https:\/\/www.schulte-martini.de\/#organization"},"potentialAction":[{"@type":"SearchAction","target":{"@type":"EntryPoint","urlTemplate":"https:\/\/www.schulte-martini.de\/?s={search_term_string}"},"query-input":{"@type":"PropertyValueSpecification","valueRequired":true,"valueName":"search_term_string"}}],"inLanguage":"de"},{"@type":"Organization","@id":"https:\/\/www.schulte-martini.de\/#organization","name":"Psychotherapeutische Praxis & Supervision Dipl.-Psych. Stefanie Schulte-Martini","url":"https:\/\/www.schulte-martini.de\/","logo":{"@type":"ImageObject","inLanguage":"de","@id":"https:\/\/www.schulte-martini.de\/#\/schema\/logo\/image\/","url":"https:\/\/www.schulte-martini.de\/wordpress\/wp-content\/uploads\/2022\/11\/SSM_1_square.jpg","contentUrl":"https:\/\/www.schulte-martini.de\/wordpress\/wp-content\/uploads\/2022\/11\/SSM_1_square.jpg","width":1983,"height":1983,"caption":"Psychotherapeutische Praxis & Supervision Dipl.-Psych. Stefanie Schulte-Martini"},"image":{"@id":"https:\/\/www.schulte-martini.de\/#\/schema\/logo\/image\/"}}]}},"_links":{"self":[{"href":"https:\/\/www.schulte-martini.de\/index.php?rest_route=\/wp\/v2\/pages\/25","targetHints":{"allow":["GET"]}}],"collection":[{"href":"https:\/\/www.schulte-martini.de\/index.php?rest_route=\/wp\/v2\/pages"}],"about":[{"href":"https:\/\/www.schulte-martini.de\/index.php?rest_route=\/wp\/v2\/types\/page"}],"author":[{"embeddable":true,"href":"https:\/\/www.schulte-martini.de\/index.php?rest_route=\/wp\/v2\/users\/1"}],"replies":[{"embeddable":true,"href":"https:\/\/www.schulte-martini.de\/index.php?rest_route=%2Fwp%2Fv2%2Fcomments&post=25"}],"version-history":[{"count":329,"href":"https:\/\/www.schulte-martini.de\/index.php?rest_route=\/wp\/v2\/pages\/25\/revisions"}],"predecessor-version":[{"id":1919,"href":"https:\/\/www.schulte-martini.de\/index.php?rest_route=\/wp\/v2\/pages\/25\/revisions\/1919"}],"wp:attachment":[{"href":"https:\/\/www.schulte-martini.de\/index.php?rest_route=%2Fwp%2Fv2%2Fmedia&parent=25"}],"curies":[{"name":"wp","href":"https:\/\/api.w.org\/{rel}","templated":true}]}}